{"id":14,"date":"2021-09-21T16:46:39","date_gmt":"2021-09-21T19:46:39","guid":{"rendered":"http:\/\/www.laestaciondedanza.com\/laestacion\/?page_id=14"},"modified":"2023-08-16T11:32:02","modified_gmt":"2023-08-16T14:32:02","slug":"politica-de-privacidad","status":"publish","type":"page","link":"https:\/\/www.laestaciondedanza.com\/laestacion\/politica-de-privacidad\/","title":{"rendered":"Pol\u00edtica de Privacidad"},"content":{"rendered":"\t\t<div data-elementor-type=\"wp-page\" data-elementor-id=\"14\" class=\"elementor elementor-14\" data-elementor-post-type=\"page\">\n\t\t\t\t\t\t<section class=\"elementor-section elementor-top-section elementor-element elementor-element-ea0dd02 elementor-section-boxed elementor-section-height-default elementor-section-height-default\" data-id=\"ea0dd02\" data-element_type=\"section\" data-e-type=\"section\">\n\t\t\t\t\t\t<div class=\"elementor-container elementor-column-gap-default\">\n\t\t\t\t\t<div class=\"elementor-column elementor-col-100 elementor-top-column elementor-element elementor-element-54bb52c\" data-id=\"54bb52c\" data-element_type=\"column\" data-e-type=\"column\">\n\t\t\t<div class=\"elementor-widget-wrap elementor-element-populated\">\n\t\t\t\t\t\t<div class=\"elementor-element elementor-element-6d809da elementor-widget elementor-widget-text-editor\" data-id=\"6d809da\" data-element_type=\"widget\" data-e-type=\"widget\" data-widget_type=\"text-editor.default\">\n\t\t\t\t<div class=\"elementor-widget-container\">\n\t\t\t\t\t\t\t\t\t<h1><b>Pol\u00edtica de Privacidad<\/b><\/h1><h3><b>I. Alcance<\/b><\/h3><p><span style=\"font-weight: 300;\">Por medio de la Pol\u00edtica de Privacidad se determina el tratamiento que el sitio Web de La Estaci\u00f3n de Danza dar\u00e1 a los datos recibidos por parte de los usuarios, y que estar\u00e1 en un todo de acuerdo a lo establecido en la Ley Nacional N\u00b0 25.326 de Habeas Data.<\/span><\/p><p><span style=\"font-weight: 300;\">De esta manera, en aquellos casos que los usuarios ingresen datos personales o informaci\u00f3n confidencial en el sitio, est\u00e1n aceptando las presentes pol\u00edticas de privacidad y los T\u00e9rminos y Condiciones de uso.<\/span><\/p><p><span style=\"font-weight: 300;\">Para ello, el sitio Web proporciona a los usuarios los recursos adecuados para que tomen conocimiento de las presentes Pol\u00edticas de Privacidad, los T\u00e9rminos y Condiciones de uso y Protecci\u00f3n de Datos Personales.<\/span><\/p><p><span style=\"font-weight: 300;\">Asimismo, las mismas tienen por objeto establecer los criterios para el uso del sitio Web por medio del cual se podr\u00e1n utilizar los servicios que brinda La Estaci\u00f3n de Danza.<\/span><\/p><h3><b>II. Las presentes pol\u00edticas describen:<\/b><\/h3><ol><li><i><span style=\"font-weight: 300;\"> Cu\u00e1les ser\u00e1n los datos recolectados, c\u00f3mo ser\u00e1n utilizados y la finalidad para los que ser\u00e1n tratados.<\/span><\/i><\/li><li><i><span style=\"font-weight: 300;\"> Las consecuencias que deriven de proporcionar los datos o de la inexactitud de los mismos.<\/span><\/i><\/li><li><i><span style=\"font-weight: 300;\"> Facultad y modo de ejercer los derechos de acceso, rectificaci\u00f3n, actualizaci\u00f3n y supresi\u00f3n de los datos.<\/span><\/i><\/li><li><i><span style=\"font-weight: 300;\"> La existencia de archivo, registro, base o banco de datos, electr\u00f3nico o de cualquier otro tipo de que se trate y la identidad y domicilio de su responsable.<\/span><\/i><\/li><\/ol><h4><b><i>a. Cu\u00e1les ser\u00e1n los datos recolectados, c\u00f3mo ser\u00e1n utilizados y la finalidad para los que ser\u00e1n tratados<\/i><\/b><\/h4><p><span style=\"font-weight: 300;\">El sitio Web no recoge ning\u00fan tipo de informaci\u00f3n personal por parte de los usuarios sin que la misma sea expl\u00edcitamente provista voluntariamente.<\/span><\/p><p><span style=\"font-weight: 300;\">Al crear su cuenta de usuario deber\u00e1 consignar sus datos en un formulario que contiene campos obligatorios y campos opcionales.<\/span><\/p><p><span style=\"font-weight: 300;\">Los datos solicitados ser\u00e1n utilizados exclusivamente para su inclusi\u00f3n en una base de datos de La Estaci\u00f3n de Danza, y ser\u00e1n utilizados para: (1) incorporarlos a un fichero de datos de titularidad y responsabilidad de La Estaci\u00f3n de Danza y (2) tratados de conformidad con los fines establecidos en el presente documento.<\/span><\/p><p><span style=\"font-weight: 300;\">La Estaci\u00f3n de Danza nunca usar\u00e1 sus datos personales para ning\u00fan fin distinto de ponerse en contacto con usted y gestionar su cuenta de usuario de nuestro sitio web.<\/span><\/p><p><span style=\"font-weight: 300;\">Los \u00fanicos datos necesarios para acceder a ciertos contenidos del sitio web de La Estaci\u00f3n de Danza son nombres de usuario, contrase\u00f1as y direcciones de correo electr\u00f3nico que se usan exclusivamente para ciertas funciones de gesti\u00f3n de usuarios como puede ser la recuperaci\u00f3n de contrase\u00f1as.<\/span><\/p><p><span style=\"font-weight: 300;\">Otros datos de car\u00e1cter personal podr\u00e1n ser facilitados voluntariamente por los usuarios que en todo momento tienen acceso para modificarlos o cancelarlos personalmente.<\/span><\/p><p><span style=\"font-weight: 300;\">Toda informaci\u00f3n que sea recibida, determinada por ley y referida a los usuarios, es confidencial y no puede hacerse p\u00fablica sin el consentimiento previo de aquellos, salvo que sea requerida por la autoridad competente, cumpliendo con las normas y recaudos establecidos para la protecci\u00f3n de datos personales.<\/span><\/p><p><span style=\"font-weight: 300;\">Ante cualquier duda, queja o sugerencia acerca de este documento o el tratamiento de sus datos por parte de La Estaci\u00f3n de Danza, por favor p\u00f3ngase en contacto con nosotros. En el formulario se le pide que nos indique su nombre y direcci\u00f3n de correo electr\u00f3nico.<\/span><\/p><p><span style=\"font-weight: 300;\">Es posible que los formularios y navegadores transmitan autom\u00e1ticamente informaci\u00f3n acerca de su navegador o sistema operativo, todo con el fin de atenderle mejor.<\/span><\/p><p><span style=\"font-weight: 300;\">La informaci\u00f3n que nos env\u00eda mediante el formulario de contacto del sitio web de La Estaci\u00f3n de Danza no se asocia con otra informaci\u00f3n que la empresa pueda tener almacenada acerca de usted si es un usuario registrado.<\/span><\/p><p><span style=\"font-weight: 300;\">La Estaci\u00f3n de Danza se reserva el derecho de modificar el contenido del documento de privacidad de datos personales con el objeto de adaptarlo a las novedades legislativas o jurisprudenciales, as\u00ed como a las que pudieran derivarse de c\u00f3digos tipo existentes en la materia.<\/span><\/p><p><span style=\"font-weight: 300;\">La Estaci\u00f3n de Danza entiende que desde el momento en que un menor de edad accede al sitio web, cuenta con el permiso de sus padres, de su tutor o de su representante legal. Siempre que el sitio web le solicite datos de car\u00e1cter personal, incluir\u00e1 un enlace vinculado al presente documento con el prop\u00f3sito de informarle de sus derechos y obligaciones en materia de protecci\u00f3n de datos de car\u00e1cter personal.<\/span><\/p><h4><b><i>b. Las consecuencias que deriven de proporcionar los datos o de la inexactitud de los mismos<\/i><\/b><\/h4><p><span style=\"font-weight: 300;\">La Ley Nacional Nro. 25.326 establece que ninguna persona puede ser obligada a proporcionar datos sensibles, entendiendo por tales a aquellos datos personales que revelan origen racial y \u00e9tnico, opiniones pol\u00edticas, convicciones religiosas, filos\u00f3ficas o morales, afiliaci\u00f3n sindical e informaci\u00f3n referente a la salud o a la vida sexual, pudiendo ser objeto de tratamiento cuando medien razones de inter\u00e9s general o autorizadas por ley. Del mismo modo esta ley, tiene por objeto la protecci\u00f3n integral de los datos personales asentados en archivos, registros, bancos de datos u otros medios t\u00e9cnicos sean p\u00fablicos o privados, garantizando el derecho al honor y a la intimidad de las personas, conforme art. 43 tercer p\u00e1rrafo de la Constituci\u00f3n Nacional.<\/span><\/p><p><span style=\"font-weight: 300;\">La informaci\u00f3n que se reciba ser\u00e1 tratada en forma confidencial.<\/span><\/p><p><span style=\"font-weight: 300;\">S\u00f3lo podr\u00e1n darse a conocer los datos que el marco normativo autorice y aquellos que expresamente consienta el usuario, a excepci\u00f3n de:<\/span><\/p><ul><li style=\"font-weight: 300;\" aria-level=\"1\"><span style=\"font-weight: 300;\">Un pedido formal de autoridades judiciales.<\/span><\/li><li style=\"font-weight: 300;\" aria-level=\"1\"><span style=\"font-weight: 300;\">Un pedido formal de otras autoridades con competencia suficiente.<\/span><\/li><\/ul><h4><b><i>c. Facultad y modo de ejercer los derechos de acceso, rectificaci\u00f3n, actualizaci\u00f3n y supresi\u00f3n de los datos<\/i><\/b><\/h4><p><span style=\"font-weight: 300;\">El derecho de acceso es uno de los derechos establecidos por la Ley Nacional Nro. 25.326 \u2013 Protecci\u00f3n de Datos Personales, que permite a los ciudadanos (usuarios en este caso), acceder a la informaci\u00f3n registrada, pudiendo administrar as\u00ed, el uso que se hace de sus datos personales.<\/span><\/p><p><span style=\"font-weight: 300;\">El usuario podr\u00e1 ejercer los siguientes derechos ante La Estaci\u00f3n de Danza y a trav\u00e9s del sitio Web:<\/span><\/p><ul><li style=\"font-weight: 300;\" aria-level=\"1\"><span style=\"font-weight: 300;\">Solicitar informaci\u00f3n al organismo de control, relativa a la existencia de archivos, registros, bases o bancos de datos personales, sus finalidades y la identidad de sus responsables. El registro que se lleve al efecto ser\u00e1 de consulta p\u00fablica y gratuita.<\/span><\/li><li style=\"font-weight: 300;\" aria-level=\"1\"><span style=\"font-weight: 300;\">Solicitar y obtener informaci\u00f3n de sus datos personales incluidos en los bancos de datos p\u00fablicos, o privados destinados a proveer informes.<\/span><\/li><li style=\"font-weight: 300;\" aria-level=\"1\"><span style=\"font-weight: 300;\">Solicitar la modificaci\u00f3n de sus datos personales cuando ellos no sean correctos o no est\u00e9n actualizados, si fuere procedente, y;<\/span><\/li><li style=\"font-weight: 300;\" aria-level=\"1\"><span style=\"font-weight: 300;\">Solicitar la rectificaci\u00f3n, actualizaci\u00f3n, supresi\u00f3n, confidencialidad de los datos personales de los que sea titular y que se encuentren incluidos en un banco de datos.<\/span><\/li><\/ul><h4><b><i>d. La existencia de archivo, registro, base o banco de datos, electr\u00f3nico o de cualquier otro tipo de que se trate y la identidad y domicilio de su responsable<\/i><\/b><\/h4><p><span style=\"font-weight: 300;\">En cada oportunidad en que el usuario haga uso de los servicios incluidos en La Estaci\u00f3n de Danza, existe la posibilidad que, de manera autom\u00e1tica, obtenga y almacene informaci\u00f3n en los registros del servidor. Estos datos podr\u00e1n incluir:<\/span><\/p><ul><li style=\"font-weight: 300;\" aria-level=\"1\"><span style=\"font-weight: 300;\">informaci\u00f3n detallada sobre utilizaci\u00f3n del servicio.<\/span><\/li><li style=\"font-weight: 300;\" aria-level=\"1\"><span style=\"font-weight: 300;\">direcci\u00f3n de IP,<\/span><\/li><li style=\"font-weight: 300;\" aria-level=\"1\"><span style=\"font-weight: 300;\">cookies, que permitir\u00e1n identificar tu navegador o tu cuenta.<\/span><\/li><\/ul><p><span style=\"font-weight: 300;\">El sitio Web aplica medidas de seguridad, destinadas a dise\u00f1ar procedimientos, m\u00e9todos y t\u00e9cnicas a los fines de conseguir un sistema de informaci\u00f3n seguro y confiable.<\/span><\/p><p><span style=\"font-weight: 300;\">Se establecen una serie de est\u00e1ndares, protocolos, m\u00e9todos, reglas, herramientas y leyes concebidas para minimizar los posibles riesgos a la infraestructura o a la informaci\u00f3n. Se pretende con ello la protecci\u00f3n de la infraestructura y todo lo relacionado con esta y, especialmente, la informaci\u00f3n contenida o circulante.<\/span><\/p><p><span style=\"font-weight: 300;\">A los fines de contactarse con La Estaci\u00f3n de Danza acerca de los alcances de las presentes Pol\u00edticas de Privacidad, tendr\u00e1 a disposici\u00f3n el siguiente medio de comunicaci\u00f3n:<\/span><\/p><ul><li style=\"font-weight: 300;\" aria-level=\"1\"><span style=\"font-weight: 300;\">Por e-mail: Por medio del formulario de contacto.<\/span><\/li><\/ul><h2><b>Pol\u00edtica de Cookies<\/b><\/h2><h3><b>Previo.- \u00bfQu\u00e9 son las Cookies?<\/b><\/h3><p><span style=\"font-weight: 300;\">Las cookies constituyen una herramienta empleada por los servidores Web para almacenar y recuperar informaci\u00f3n acerca de sus visitantes. No es m\u00e1s que un fichero de texto que algunos servidores piden a nuestro navegador que escriba en nuestro disco duro, con informaci\u00f3n acerca de lo que hemos estado haciendo por sus p\u00e1ginas. Poseen una fecha de caducidad, que puede oscilar desde el tiempo que dure la sesi\u00f3n hasta una fecha futura especificada, a partir de la cual dejan de ser operativa.<\/span><\/p><h3><b>1. Las cookies que utiliza esta web<\/b><\/h3><p><span style=\"font-weight: 300;\">En esta web se utilizan cookies <\/span><b>propias y de terceros<\/b><span style=\"font-weight: 300;\"> para conseguir que tengas una mejor experiencia de navegaci\u00f3n, puedas compartir contenido en redes sociales, para mostrarte anuncios en funci\u00f3n a tus intereses y para obtener estad\u00edsticas de usuarios.<\/span><\/p><p><span style=\"font-weight: 300;\">Por ello, las cookies empleadas en <\/span><b>https:\/\/www.laestaciondedanza.com\/presencial\/<\/b><span style=\"font-weight: 300;\"> se asocian \u00fanicamente con un Usuario an\u00f3nimo y su computadora, no proporcionan referencias que permitan deducir el nombre y apellidos del Usuario y no pueden leer datos de su disco duro ni incluir virus en sus textos. Asimismo, <\/span><b>https:\/\/www.laestaciondedanza.com\/presencial\/<\/b><span style=\"font-weight: 300;\"> no puede leer las cookies implantadas en el disco duro del Usuario desde otros servidores.<\/span><\/p><p><span style=\"font-weight: 300;\">El usuario puede libremente decidir acerca de la implantaci\u00f3n o no en su disco duro de las cookies empleadas en <\/span><b>https:\/\/www.laestaciondedanza.com\/presencial\/.<\/b><span style=\"font-weight: 300;\"> En este sentido, el usuario puede configurar su navegador para aceptar o rechazar por defecto todas las cookies o para recibir un aviso en pantalla de la recepci\u00f3n de cada cookie y decidir en ese momento su implantaci\u00f3n o no en su disco duro. Para ello le sugerimos consultar la secci\u00f3n de ayuda de su navegador para saber c\u00f3mo cambiar la configuraci\u00f3n que actualmente emplea. Aun cuando el Usuario configurase su navegador para rechazar todas las cookies o rechazase expresamente las cookies de <\/span><b>https:\/\/www.laestaciondedanza.com\/presencial\/ <\/b><span style=\"font-weight: 300;\">podr\u00e1s navegar por el Portal con el \u00fanico inconveniente de no poder disfrutar de las funcionalidades del Portal que requieran la instalaci\u00f3n de alguna de ellas. En cualquier caso, el Usuario podr\u00e1 eliminar las cookies implantadas en su disco duro en cualquier momento, siguiendo el procedimiento establecido en la secci\u00f3n de ayuda de su navegador y que posteriormente detallaremos.<\/span><\/p><p><span style=\"font-weight: 300;\">Como usuario, puedes rechazar el tratamiento de los datos o la informaci\u00f3n bloqueando estas cookies mediante la configuraci\u00f3n apropiada de tu navegador. Sin embargo, debes saber que, si lo haces, este sitio no funcione adecuadamente.<\/span><\/p><p><span style=\"font-weight: 300;\">Las cookies de esta web ayudan a:<\/span><\/p><ul><li style=\"font-weight: 300;\" aria-level=\"1\"><span style=\"font-weight: 300;\">Hacer que esta web funcione correctamente<\/span><\/li><li style=\"font-weight: 300;\" aria-level=\"1\"><span style=\"font-weight: 300;\">Ahorrarle el tener que iniciar sesi\u00f3n cada vez que visitas este sitio<\/span><\/li><li style=\"font-weight: 300;\" aria-level=\"1\"><span style=\"font-weight: 300;\">Recordarte tus ajustes durante y entre las visitas<\/span><\/li><li style=\"font-weight: 300;\" aria-level=\"1\"><span style=\"font-weight: 300;\">Permitirte visualizar videos<\/span><\/li><li style=\"font-weight: 300;\" aria-level=\"1\"><span style=\"font-weight: 300;\">Mejorar la velocidad \/ seguridad del sitio<\/span><\/li><li style=\"font-weight: 300;\" aria-level=\"1\"><span style=\"font-weight: 300;\">Que pueda compartir p\u00e1ginas con redes sociales<\/span><\/li><li style=\"font-weight: 300;\" aria-level=\"1\"><span style=\"font-weight: 300;\">Mejorar continuamente de este sitio web<\/span><\/li><li style=\"font-weight: 300;\" aria-level=\"1\"><span style=\"font-weight: 300;\">Mostrarte anuncios en funci\u00f3n de tus h\u00e1bitos de navegaci\u00f3n<\/span><\/li><\/ul><p><b>No utilizar\u00e9 jam\u00e1s cookies para:<\/b><\/p><ul><li style=\"font-weight: 300;\" aria-level=\"1\"><span style=\"font-weight: 300;\">Recoger informaci\u00f3n de identificaci\u00f3n personal (sin tu permiso expreso)<\/span><\/li><li style=\"font-weight: 300;\" aria-level=\"1\"><span style=\"font-weight: 300;\">Recoger informaci\u00f3n sensible (sin tu permiso expreso)<\/span><\/li><li style=\"font-weight: 300;\" aria-level=\"1\"><span style=\"font-weight: 300;\">Compartir datos de identificaci\u00f3n personal a terceros<\/span><\/li><\/ul><h2>\u00a0<\/h2><h3><b>2. Cookies de terceros que utilizamos en esta web y que debes conocer<\/b><\/h3><p><span style=\"font-weight: 300;\">Esta web, como la mayor\u00eda de sitios web, incluye funcionalidades proporcionadas por terceros.<\/span><\/p><p><span style=\"font-weight: 300;\">Tambi\u00e9n se ponen a prueba regularmente nuevos dise\u00f1os o servicios de terceros para recomendaciones e informes.<\/span><\/p><p><span style=\"font-weight: 300;\">Esto puede modificar ocasionalmente la configuraci\u00f3n de cookies y que aparezcan cookies no detalladas en la presente pol\u00edtica. Es importante que sepas que son cookies provisionales que no siempre es posible informar y que s\u00f3lo tienen finalidades de estudio y valoraci\u00f3n. En ning\u00fan caso se van a utilizar cookies que comprometan tu privacidad.<\/span><\/p><p><span style=\"font-weight: 300;\">Entre las cookies de terceros m\u00e1s estables est\u00e1n:<\/span><\/p><ul><li style=\"font-weight: 300;\" aria-level=\"1\"><b>Las generadas por servicios de an\u00e1lisis,<\/b><span style=\"font-weight: 300;\"> concretamente, Google Analytics para ayudar al website a analizar el uso que hacen los Usuarios del sitio web y mejorar la usabilidad del mismo, pero en ning\u00fan caso se asocian a datos que pudieran llegar a identificar al usuario.<\/span><\/li><\/ul><p><span style=\"font-weight: 300;\">Google Analytics, es un servicio anal\u00edtico de web prestado por Google, Inc., una compa\u00f1\u00eda de Delaware cuya oficina principal est\u00e1 en 1600 Amphitheatre Parkway, Mountain View (California), CA 94043, Estados Unidos (\u201cGoogle\u201d).<\/span><\/p><p><span style=\"font-weight: 300;\">El usuario puede consultar <\/span><a href=\"https:\/\/www.google.es\/intl\/es\/policies\/technologies\/types\/\"><span style=\"font-weight: 300;\">aqu\u00ed<\/span><\/a><span style=\"font-weight: 300;\"> el tipo de cookies utilizadas por Google. Cookie de Google+ y Google Maps, seg\u00fan lo dispuesto en su p\u00e1gina sobre qu\u00e9 <\/span><a href=\"http:\/\/www.google.com\/intl\/es\/policies\/technologies\/types\/\"><span style=\"font-weight: 300;\">tipo de cookies utilizan<\/span><\/a><span style=\"font-weight: 300;\">.<\/span><\/p><ul><li style=\"font-weight: 300;\" aria-level=\"1\"><b>WordPress:<\/b> <b>La Estaci\u00f3n de Danza, <\/b><span style=\"font-weight: 300;\">es usuario de la plataforma de suministro y alojamiento de blogs WordPress, propiedad de la empresa norteamericana Automattic, Inc. A tales efectos, el uso de tales cookies por los sistemas no nunca est\u00e1n bajo control o gesti\u00f3n de la responsable de la web, pueden cambiar su funci\u00f3n en cualquier momento, y entrar cookies nuevas.<\/span><\/li><\/ul><p><span style=\"font-weight: 300;\">Estas cookies tampoco reportan al responsable de este web beneficio alguno. Automattic, Inc., utiliza adem\u00e1s otras cookies con la finalidad de ayudar a identificar y rastrear a los visitantes de los sitios de WordPress, conocer el uso que hacen del sitio web de Automattic, as\u00ed como sus preferencias de acceso al mismo, tal y como se recoge en el apartado \u201cCookies\u201d de su pol\u00edtica de privacidad.<\/span><\/p><ul><li style=\"font-weight: 300;\" aria-level=\"1\"><b>Cookies de redes sociales:<\/b><span style=\"font-weight: 300;\"> Las Cookies de redes sociales pueden almacenarse en su navegador mientras navega por la web o cuando utiliza el bot\u00f3n de compartir contenidos de abcoach.com en alguna red social.<\/span><\/li><\/ul><p><span style=\"font-weight: 300;\">Las empresas que generan estas cookies correspondientes a las redes sociales que utiliza esta web tienen sus propias pol\u00edticas de cookies:<\/span><\/p><ul><li style=\"font-weight: 300;\" aria-level=\"1\"><span style=\"font-weight: 300;\">Cookie de Twitter, seg\u00fan lo dispuesto en su <\/span><a href=\"https:\/\/twitter.com\/privacy\"><span style=\"font-weight: 300;\">pol\u00edtica de privacidad y uso de cookies<\/span><\/a><span style=\"font-weight: 300;\">.<\/span><\/li><li style=\"font-weight: 300;\" aria-level=\"1\"><span style=\"font-weight: 300;\">Cookie de Linkedin, seg\u00fan lo dispuesto en su <\/span><a href=\"https:\/\/www.linkedin.com\/legal\/cookie-policy?trk=hp-cookies\"><span style=\"font-weight: 300;\">Pol\u00edtica de cookies<\/span><\/a><\/li><li style=\"font-weight: 300;\" aria-level=\"1\"><span style=\"font-weight: 300;\">Cookie de Facebook, seg\u00fan lo dispuesto en su <\/span><a href=\"https:\/\/www.facebook.com\/help\/cookies?ref_type=sitefooter\"><span style=\"font-weight: 300;\">Pol\u00edtica de Cookies<\/span><\/a><\/li><li style=\"font-weight: 300;\" aria-level=\"1\"><span style=\"font-weight: 300;\">Cookie de Youtube, seg\u00fan lo dispuesto en su <\/span><a href=\"https:\/\/www.google.es\/intl\/es\/policies\/technologies\/cookies\/\"><span style=\"font-weight: 300;\">Pol\u00edtica de Cookies<\/span><\/a><\/li><\/ul><p><span style=\"font-weight: 300;\">Las implicaciones de privacidad estar\u00e1n en funci\u00f3n a cada red social y depender\u00e1n de la configuraci\u00f3n de privacidad que ha elegido en estas redes. En ning\u00fan caso, ni el responsable de esta web ni los anunciantes pueden obtener informaci\u00f3n personal identificable de estas cookies.<\/span><\/p><h3><b>3. \u00bfC\u00f3mo puedo gestionar y desactivar estas cookies?<\/b><\/h3><p><span style=\"font-weight: 300;\">En el caso de no desear que el sitio web no instale ninguna cookie en tu equipo, cabe la posibilidad de adaptar tu navegador de modo que se te notifique antes de que se descargue ninguna cookie.<\/span><\/p><p><span style=\"font-weight: 300;\">As\u00ed las cosas, se puede igualmente modificar la configuraci\u00f3n del navegador de forma que rechace todas las cookies o \u00fanicamente las cookies de terceros. Tambi\u00e9n puedes eliminar cualquiera de las cookies que ya se encuentren en tu equipo. Ten en cuenta que tendr\u00e1s que adaptar por separado la configuraci\u00f3n de cada navegador y equipo que utilices.<\/span><\/p><p><span style=\"font-weight: 300;\">https:\/\/www.laestaciondedanza.com\/presencial\/ pone a disposici\u00f3n de los usuarios que quieran impedir la instalaci\u00f3n de las mencionadas cookies, enlaces facilitados al efecto por navegadores cuyo uso se considera m\u00e1s extendido:<\/span><\/p><p><a href=\"http:\/\/support.google.com\/chrome\/bin\/answer.py?hl=es-419&amp;answer=95647\"><span style=\"font-weight: 300;\">Google Chrome<\/span><\/a><span style=\"font-weight: 300;\"> \u2013 <\/span><a href=\"https:\/\/romualdfons.com\/politica-de-cookies\/#ie=ie-10\"><span style=\"font-weight: 300;\">Internet Explorer<\/span><\/a><span style=\"font-weight: 300;\"> \u2013 <\/span><a href=\"http:\/\/support.mozilla.org\/es\/kb\/habilitar-y-deshabilitar-cookies-que-los-sitios-we\"><span style=\"font-weight: 300;\">Mozilla Firefox<\/span><\/a><span style=\"font-weight: 300;\"> \u2013 <\/span><a href=\"http:\/\/support.apple.com\/kb\/HT1677?viewlocale=es_ES%20%97%20http:\/\/support.apple.com\/kb\/ph5042\"><span style=\"font-weight: 300;\">Apple Safari<\/span><\/a><\/p><p><b>Pol\u00edtica de Cookies al d\u00eda de la fecha.<\/b><\/p>\t\t\t\t\t\t\t\t<\/div>\n\t\t\t\t<\/div>\n\t\t\t\t\t<\/div>\n\t\t<\/div>\n\t\t\t\t\t<\/div>\n\t\t<\/section>\n\t\t\t\t<\/div>\n\t\t","protected":false},"excerpt":{"rendered":"<p>Pol\u00edtica de Privacidad I. Alcance Por medio de la Pol\u00edtica de Privacidad se determina el tratamiento que el sitio Web de dar\u00e1 a los datos recibidos por parte de los usuarios, y que estar\u00e1 en un todo de acuerdo a lo establecido en la Ley Nacional N\u00b0 25.326 de Habeas Data. De esta manera, en [&hellip;]<\/p>\n","protected":false},"author":3,"featured_media":403,"parent":0,"menu_order":0,"comment_status":"closed","ping_status":"closed","template":"elementor_header_footer","meta":{"footnotes":""},"class_list":["post-14","page","type-page","status-publish","has-post-thumbnail","hentry"],"yoast_head":"<!-- This site is optimized with the Yoast SEO plugin v27.5 - https:\/\/yoast.com\/product\/yoast-seo-wordpress\/ -->\n<title>\u25b7 Pol\u00edtica de Privacidad | La Estaci\u00f3n de Danza<\/title>\n<meta name=\"robots\" content=\"noindex, nofollow\" \/>\n<meta property=\"og:locale\" content=\"es_ES\" \/>\n<meta property=\"og:type\" content=\"article\" \/>\n<meta property=\"og:title\" content=\"\u25b7 Pol\u00edtica de Privacidad | La Estaci\u00f3n de Danza\" \/>\n<meta property=\"og:description\" content=\"Pol\u00edtica de Privacidad I. Alcance Por medio de la Pol\u00edtica de Privacidad se determina el tratamiento que el sitio Web de dar\u00e1 a los datos recibidos por parte de los usuarios, y que estar\u00e1 en un todo de acuerdo a lo establecido en la Ley Nacional N\u00b0 25.326 de Habeas Data. De esta manera, en [&hellip;]\" \/>\n<meta property=\"og:url\" content=\"https:\/\/www.laestaciondedanza.com\/laestacion\/politica-de-privacidad\/\" \/>\n<meta property=\"og:site_name\" content=\"La Estaci\u00f3n de Danza\" \/>\n<meta property=\"article:modified_time\" content=\"2023-08-16T14:32:02+00:00\" \/>\n<meta property=\"og:image\" content=\"https:\/\/www.laestaciondedanza.com\/laestacion\/wp-content\/uploads\/Estacion-de-Danza-img-destacada.png\" \/>\n\t<meta property=\"og:image:width\" content=\"512\" \/>\n\t<meta property=\"og:image:height\" content=\"512\" \/>\n\t<meta property=\"og:image:type\" content=\"image\/png\" \/>\n<meta name=\"twitter:card\" content=\"summary_large_image\" \/>\n<script type=\"application\/ld+json\" class=\"yoast-schema-graph\">{\"@context\":\"https:\\\/\\\/schema.org\",\"@graph\":[{\"@type\":\"WebPage\",\"@id\":\"https:\\\/\\\/www.laestaciondedanza.com\\\/laestacion\\\/politica-de-privacidad\\\/\",\"url\":\"https:\\\/\\\/www.laestaciondedanza.com\\\/laestacion\\\/politica-de-privacidad\\\/\",\"name\":\"\u25b7 Pol\u00edtica de Privacidad | La Estaci\u00f3n de Danza\",\"isPartOf\":{\"@id\":\"https:\\\/\\\/www.laestaciondedanza.com\\\/laestacion\\\/#website\"},\"primaryImageOfPage\":{\"@id\":\"https:\\\/\\\/www.laestaciondedanza.com\\\/laestacion\\\/politica-de-privacidad\\\/#primaryimage\"},\"image\":{\"@id\":\"https:\\\/\\\/www.laestaciondedanza.com\\\/laestacion\\\/politica-de-privacidad\\\/#primaryimage\"},\"thumbnailUrl\":\"https:\\\/\\\/www.laestaciondedanza.com\\\/laestacion\\\/wp-content\\\/uploads\\\/Estacion-de-Danza-img-destacada.png\",\"datePublished\":\"2021-09-21T19:46:39+00:00\",\"dateModified\":\"2023-08-16T14:32:02+00:00\",\"breadcrumb\":{\"@id\":\"https:\\\/\\\/www.laestaciondedanza.com\\\/laestacion\\\/politica-de-privacidad\\\/#breadcrumb\"},\"inLanguage\":\"es\",\"potentialAction\":[{\"@type\":\"ReadAction\",\"target\":[\"https:\\\/\\\/www.laestaciondedanza.com\\\/laestacion\\\/politica-de-privacidad\\\/\"]}]},{\"@type\":\"ImageObject\",\"inLanguage\":\"es\",\"@id\":\"https:\\\/\\\/www.laestaciondedanza.com\\\/laestacion\\\/politica-de-privacidad\\\/#primaryimage\",\"url\":\"https:\\\/\\\/www.laestaciondedanza.com\\\/laestacion\\\/wp-content\\\/uploads\\\/Estacion-de-Danza-img-destacada.png\",\"contentUrl\":\"https:\\\/\\\/www.laestaciondedanza.com\\\/laestacion\\\/wp-content\\\/uploads\\\/Estacion-de-Danza-img-destacada.png\",\"width\":512,\"height\":512},{\"@type\":\"BreadcrumbList\",\"@id\":\"https:\\\/\\\/www.laestaciondedanza.com\\\/laestacion\\\/politica-de-privacidad\\\/#breadcrumb\",\"itemListElement\":[{\"@type\":\"ListItem\",\"position\":1,\"name\":\"Portada\",\"item\":\"https:\\\/\\\/www.laestaciondedanza.com\\\/laestacion\\\/\"},{\"@type\":\"ListItem\",\"position\":2,\"name\":\"Pol\u00edtica de Privacidad\"}]},{\"@type\":\"WebSite\",\"@id\":\"https:\\\/\\\/www.laestaciondedanza.com\\\/laestacion\\\/#website\",\"url\":\"https:\\\/\\\/www.laestaciondedanza.com\\\/laestacion\\\/\",\"name\":\"La Estaci\u00f3n de Danza\",\"description\":\"\",\"publisher\":{\"@id\":\"https:\\\/\\\/www.laestaciondedanza.com\\\/laestacion\\\/#organization\"},\"potentialAction\":[{\"@type\":\"SearchAction\",\"target\":{\"@type\":\"EntryPoint\",\"urlTemplate\":\"https:\\\/\\\/www.laestaciondedanza.com\\\/laestacion\\\/?s={search_term_string}\"},\"query-input\":{\"@type\":\"PropertyValueSpecification\",\"valueRequired\":true,\"valueName\":\"search_term_string\"}}],\"inLanguage\":\"es\"},{\"@type\":\"Organization\",\"@id\":\"https:\\\/\\\/www.laestaciondedanza.com\\\/laestacion\\\/#organization\",\"name\":\"La Estaci\u00f3n de Danza\",\"url\":\"https:\\\/\\\/www.laestaciondedanza.com\\\/laestacion\\\/\",\"logo\":{\"@type\":\"ImageObject\",\"inLanguage\":\"es\",\"@id\":\"https:\\\/\\\/www.laestaciondedanza.com\\\/laestacion\\\/#\\\/schema\\\/logo\\\/image\\\/\",\"url\":\"https:\\\/\\\/www.laestaciondedanza.com\\\/laestacion\\\/wp-content\\\/uploads\\\/logo-claro.png\",\"contentUrl\":\"https:\\\/\\\/www.laestaciondedanza.com\\\/laestacion\\\/wp-content\\\/uploads\\\/logo-claro.png\",\"width\":2048,\"height\":1356,\"caption\":\"La Estaci\u00f3n de Danza\"},\"image\":{\"@id\":\"https:\\\/\\\/www.laestaciondedanza.com\\\/laestacion\\\/#\\\/schema\\\/logo\\\/image\\\/\"}}]}<\/script>\n<!-- \/ Yoast SEO plugin. -->","yoast_head_json":{"title":"\u25b7 Pol\u00edtica de Privacidad | La Estaci\u00f3n de Danza","robots":{"index":"noindex","follow":"nofollow"},"og_locale":"es_ES","og_type":"article","og_title":"\u25b7 Pol\u00edtica de Privacidad | La Estaci\u00f3n de Danza","og_description":"Pol\u00edtica de Privacidad I. Alcance Por medio de la Pol\u00edtica de Privacidad se determina el tratamiento que el sitio Web de dar\u00e1 a los datos recibidos por parte de los usuarios, y que estar\u00e1 en un todo de acuerdo a lo establecido en la Ley Nacional N\u00b0 25.326 de Habeas Data. De esta manera, en [&hellip;]","og_url":"https:\/\/www.laestaciondedanza.com\/laestacion\/politica-de-privacidad\/","og_site_name":"La Estaci\u00f3n de Danza","article_modified_time":"2023-08-16T14:32:02+00:00","og_image":[{"width":512,"height":512,"url":"https:\/\/www.laestaciondedanza.com\/laestacion\/wp-content\/uploads\/Estacion-de-Danza-img-destacada.png","type":"image\/png"}],"twitter_card":"summary_large_image","schema":{"@context":"https:\/\/schema.org","@graph":[{"@type":"WebPage","@id":"https:\/\/www.laestaciondedanza.com\/laestacion\/politica-de-privacidad\/","url":"https:\/\/www.laestaciondedanza.com\/laestacion\/politica-de-privacidad\/","name":"\u25b7 Pol\u00edtica de Privacidad | La Estaci\u00f3n de Danza","isPartOf":{"@id":"https:\/\/www.laestaciondedanza.com\/laestacion\/#website"},"primaryImageOfPage":{"@id":"https:\/\/www.laestaciondedanza.com\/laestacion\/politica-de-privacidad\/#primaryimage"},"image":{"@id":"https:\/\/www.laestaciondedanza.com\/laestacion\/politica-de-privacidad\/#primaryimage"},"thumbnailUrl":"https:\/\/www.laestaciondedanza.com\/laestacion\/wp-content\/uploads\/Estacion-de-Danza-img-destacada.png","datePublished":"2021-09-21T19:46:39+00:00","dateModified":"2023-08-16T14:32:02+00:00","breadcrumb":{"@id":"https:\/\/www.laestaciondedanza.com\/laestacion\/politica-de-privacidad\/#breadcrumb"},"inLanguage":"es","potentialAction":[{"@type":"ReadAction","target":["https:\/\/www.laestaciondedanza.com\/laestacion\/politica-de-privacidad\/"]}]},{"@type":"ImageObject","inLanguage":"es","@id":"https:\/\/www.laestaciondedanza.com\/laestacion\/politica-de-privacidad\/#primaryimage","url":"https:\/\/www.laestaciondedanza.com\/laestacion\/wp-content\/uploads\/Estacion-de-Danza-img-destacada.png","contentUrl":"https:\/\/www.laestaciondedanza.com\/laestacion\/wp-content\/uploads\/Estacion-de-Danza-img-destacada.png","width":512,"height":512},{"@type":"BreadcrumbList","@id":"https:\/\/www.laestaciondedanza.com\/laestacion\/politica-de-privacidad\/#breadcrumb","itemListElement":[{"@type":"ListItem","position":1,"name":"Portada","item":"https:\/\/www.laestaciondedanza.com\/laestacion\/"},{"@type":"ListItem","position":2,"name":"Pol\u00edtica de Privacidad"}]},{"@type":"WebSite","@id":"https:\/\/www.laestaciondedanza.com\/laestacion\/#website","url":"https:\/\/www.laestaciondedanza.com\/laestacion\/","name":"La Estaci\u00f3n de Danza","description":"","publisher":{"@id":"https:\/\/www.laestaciondedanza.com\/laestacion\/#organization"},"potentialAction":[{"@type":"SearchAction","target":{"@type":"EntryPoint","urlTemplate":"https:\/\/www.laestaciondedanza.com\/laestacion\/?s={search_term_string}"},"query-input":{"@type":"PropertyValueSpecification","valueRequired":true,"valueName":"search_term_string"}}],"inLanguage":"es"},{"@type":"Organization","@id":"https:\/\/www.laestaciondedanza.com\/laestacion\/#organization","name":"La Estaci\u00f3n de Danza","url":"https:\/\/www.laestaciondedanza.com\/laestacion\/","logo":{"@type":"ImageObject","inLanguage":"es","@id":"https:\/\/www.laestaciondedanza.com\/laestacion\/#\/schema\/logo\/image\/","url":"https:\/\/www.laestaciondedanza.com\/laestacion\/wp-content\/uploads\/logo-claro.png","contentUrl":"https:\/\/www.laestaciondedanza.com\/laestacion\/wp-content\/uploads\/logo-claro.png","width":2048,"height":1356,"caption":"La Estaci\u00f3n de Danza"},"image":{"@id":"https:\/\/www.laestaciondedanza.com\/laestacion\/#\/schema\/logo\/image\/"}}]}},"_links":{"self":[{"href":"https:\/\/www.laestaciondedanza.com\/laestacion\/wp-json\/wp\/v2\/pages\/14","targetHints":{"allow":["GET"]}}],"collection":[{"href":"https:\/\/www.laestaciondedanza.com\/laestacion\/wp-json\/wp\/v2\/pages"}],"about":[{"href":"https:\/\/www.laestaciondedanza.com\/laestacion\/wp-json\/wp\/v2\/types\/page"}],"author":[{"embeddable":true,"href":"https:\/\/www.laestaciondedanza.com\/laestacion\/wp-json\/wp\/v2\/users\/3"}],"replies":[{"embeddable":true,"href":"https:\/\/www.laestaciondedanza.com\/laestacion\/wp-json\/wp\/v2\/comments?post=14"}],"version-history":[{"count":13,"href":"https:\/\/www.laestaciondedanza.com\/laestacion\/wp-json\/wp\/v2\/pages\/14\/revisions"}],"predecessor-version":[{"id":1002,"href":"https:\/\/www.laestaciondedanza.com\/laestacion\/wp-json\/wp\/v2\/pages\/14\/revisions\/1002"}],"wp:featuredmedia":[{"embeddable":true,"href":"https:\/\/www.laestaciondedanza.com\/laestacion\/wp-json\/wp\/v2\/media\/403"}],"wp:attachment":[{"href":"https:\/\/www.laestaciondedanza.com\/laestacion\/wp-json\/wp\/v2\/media?parent=14"}],"curies":[{"name":"wp","href":"https:\/\/api.w.org\/{rel}","templated":true}]}}